{"id":755,"date":"2018-12-18T16:19:04","date_gmt":"2018-12-18T15:19:04","guid":{"rendered":"https:\/\/klausbaum.be\/geschichte\/"},"modified":"2018-12-18T16:46:42","modified_gmt":"2018-12-18T15:46:42","slug":"histoire","status":"publish","type":"page","link":"https:\/\/klausbaum.be\/fr\/histoire\/","title":{"rendered":"Histoire"},"content":{"rendered":"<h2 class=\"p1\">\u201cNous vivons l\u2019histoire et le futur en m\u00eame temps.\u201d<\/h2>\n<p>D\u00e9j\u00e0 depuis sa jeunesse et gr\u00e2ce \u00e0 l\u2019entreprise de transport de b\u00e9tail de son p\u00e8re, Adolf Baum, Klaus Baum a eu le d\u00e9sir de fonder sa propre entreprise de transport apr\u00e8s une formation professionnelle r\u00e9ussie en tant que m\u00e9canicien. Apr\u00e8s son service militaire, il a pass\u00e9 avec succ\u00e8s l\u2019examen de gestion d\u2019entreprise. En 1981, il a commenc\u00e9 comme jeune conducteur dans l\u2019entreprise traditionnelle ROM \u00e0 Eupen. Suite \u00e0 l\u2019acquisition d\u2019une pr\u00e9cieuse exp\u00e9rience professionnelle en tant que conducteur ind\u00e9pendant dans l\u2019entreprise Frans Maas, il fonde en 1984 sa propre entreprise \u201cInternationale Transporte Klaus Baum\u201d.<\/p>\n<p>En 1986 ont d\u00e9but\u00e9 les premiers projets de construction sur le site actuel de l\u2019entreprise. Depuis lors, il connait constamment des extensions et am\u00e9liorations significatives de l\u2019ensemble de l\u2019infrastructure. En 2010, Andy Baum a rejoint l\u2019entreprise familiale apr\u00e8s une formation r\u00e9ussie en tant qu\u2019agent d\u2019exploitation logistique (dispatcher) dans des entreprises externes. En 2012 Klaus et Andy Baum ont d\u00e9cid\u00e9 d\u2019\u00e9tendre la soci\u00e9t\u00e9 vers le Luxembourg, afin d\u2019assurer pour l\u2019avenir la qualit\u00e9 \u00e9prouv\u00e9e de leur activit\u00e9.<\/p>\n<p>En 2015, le charroi est pass\u00e9e de 11 \u00e0 21 semi-remorques et il a \u00e9t\u00e9 d\u00e9cid\u00e9 d\u2019embaucher du nouveau personnel, afin de survenir aux demandes de notre client\u00e8le. En 2017, Andy Baum a termin\u00e9 avec succ\u00e8s sa formation compl\u00e9mentaire en tant que responsable ADR. Depuis la mi-2017, l\u2019entreprise dispose de son propre service de pneus et d\u2019un v\u00e9hicule de d\u00e9pannage utilis\u00e9 dans un rayon de 300 km.<\/p>\n<p>Les nouveaux d\u00e9fis ont \u00e9galement besoin d\u2019un nouveau logo. Le logo a \u00e9t\u00e9 renouvel\u00e9 par CLOTH kreativbureau d\u00e9but 2018. Le nouveau logo est plus moderne, plus contemporain et plus fort. Il symbolise non seulement un compteur de vitesse, mais aussi un travail ponctuel selon un plan \u00e9tabli. Le nom est rest\u00e9 &#8211; la tradition a \u00e9t\u00e9 associ\u00e9 \u00e0 la modernit\u00e9. En 2018, le charroi augmente une nouvelle fois de 6 v\u00e9hicules. L\u2019objectif est encore d\u2019augmenter celui-ci de quelques v\u00e9hicules d\u2019ici la fin 2018. Le d\u00e9veloppement par le biais de nouveaux v\u00e9hicules et de nouveaux employ\u00e9s signifie aussi de nouveaux d\u00e9fis et de nouvelles exigences. Pour cette raison, un employ\u00e9 sera form\u00e9 en tant qu\u2019agent de s\u00e9curit\u00e9 et sant\u00e9 en 2018.<\/p>\n<p>Un nouvel entrep\u00f4t devrait ouvrir ses portes sur le site d\u2019Eupen au printemps 2019. Celui-ci disposera alors de 2000m\u00b2 d\u2019espace de stockage couvert et r\u00e9pondra aux derni\u00e8res normes sur un site s\u00e9curis\u00e9. A l\u2019issue des travaux, notre charroi disposera de sa propre station de gasoil et d\u2019un truck-wash.<\/p>\n","protected":false},"excerpt":{"rendered":"\u201cNous vivons l\u2019histoire et le futur en m\u00eame temps.\u201d D\u00e9j\u00e0 depuis sa jeunesse et gr\u00e2ce \u00e0 l\u2019entreprise de transport de b\u00e9tail de son p\u00e8re, Adolf Baum, Klaus Baum a eu le d\u00e9sir de fonder sa propre entreprise de transport apr\u00e8s une formation professionnelle r\u00e9ussie en tant que m\u00e9canicien. Apr\u00e8s son service militaire, il a pass\u00e9&#8230; <a class=\"view-article\" href=\"https:\/\/klausbaum.be\/fr\/histoire\/\">Voir l&rsquo;article<\/a>","protected":false},"author":1,"featured_media":0,"parent":0,"menu_order":0,"comment_status":"closed","ping_status":"closed","template":"artikel.php","meta":{"_acf_changed":false,"footnotes":""},"class_list":["post-755","page","type-page","status-publish","hentry"],"acf":[],"_links":{"self":[{"href":"https:\/\/klausbaum.be\/fr\/wp-json\/wp\/v2\/pages\/755","targetHints":{"allow":["GET"]}}],"collection":[{"href":"https:\/\/klausbaum.be\/fr\/wp-json\/wp\/v2\/pages"}],"about":[{"href":"https:\/\/klausbaum.be\/fr\/wp-json\/wp\/v2\/types\/page"}],"author":[{"embeddable":true,"href":"https:\/\/klausbaum.be\/fr\/wp-json\/wp\/v2\/users\/1"}],"replies":[{"embeddable":true,"href":"https:\/\/klausbaum.be\/fr\/wp-json\/wp\/v2\/comments?post=755"}],"version-history":[{"count":2,"href":"https:\/\/klausbaum.be\/fr\/wp-json\/wp\/v2\/pages\/755\/revisions"}],"predecessor-version":[{"id":757,"href":"https:\/\/klausbaum.be\/fr\/wp-json\/wp\/v2\/pages\/755\/revisions\/757"}],"wp:attachment":[{"href":"https:\/\/klausbaum.be\/fr\/wp-json\/wp\/v2\/media?parent=755"}],"curies":[{"name":"wp","href":"https:\/\/api.w.org\/{rel}","templated":true}]}}